{"id":991,"date":"2025-01-13T15:24:46","date_gmt":"2025-01-13T14:24:46","guid":{"rendered":"https:\/\/lunedesfleurs.fr\/?post_type=product&#038;p=991"},"modified":"2025-07-31T13:29:16","modified_gmt":"2025-07-31T11:29:16","slug":"cybele","status":"publish","type":"product","link":"https:\/\/lunedesfleurs.fr\/index.php\/produit\/cybele\/","title":{"rendered":"Cyb\u00e8le"},"content":{"rendered":"<p>Cadre de v\u00e9g\u00e9taux stabilis\u00e9s. Enti\u00e8rement fait main.<\/p>\n<p>Joli cadre compos\u00e9 avec de mousse stabilis\u00e9e et lichen, de bois flott\u00e9 et pigne de pin.<\/p>\n<p>Id\u00e9al en d\u00e9coration int\u00e9rieur<\/p>\n<p>SANS ENTRETIEN<\/p>\n","protected":false},"excerpt":{"rendered":"<p>Cadre de v\u00e9g\u00e9taux stabilis\u00e9s. Enti\u00e8rement fait main. Joli cadre compos\u00e9 avec de mousse stabilis\u00e9e et lichen, de bois flott\u00e9 et pigne de pin. Id\u00e9al en d\u00e9coration int\u00e9rieur SANS ENTRETIEN<\/p>\n","protected":false},"featured_media":1116,"comment_status":"open","ping_status":"closed","template":"","meta":[],"product_brand":[],"product_cat":[33],"product_tag":[],"class_list":{"0":"post-991","1":"product","2":"type-product","3":"status-publish","4":"has-post-thumbnail","6":"product_cat-cadres-vegetaux","8":"first","9":"instock","10":"sold-individually","11":"shipping-taxable","12":"purchasable","13":"product-type-simple"},"yoast_head":"<!-- This site is optimized with the Yoast SEO plugin v26.8 - https:\/\/yoast.com\/product\/yoast-seo-wordpress\/ -->\n<title>Cyb\u00e8le - Lune des Fleurs<\/title>\n<meta name=\"robots\" content=\"index, follow, max-snippet:-1, max-image-preview:large, max-video-preview:-1\" \/>\n<link rel=\"canonical\" href=\"https:\/\/lunedesfleurs.fr\/index.php\/produit\/cybele\/\" \/>\n<meta property=\"og:locale\" content=\"fr_FR\" \/>\n<meta property=\"og:type\" content=\"article\" \/>\n<meta property=\"og:title\" content=\"Cyb\u00e8le - Lune des Fleurs\" \/>\n<meta property=\"og:description\" content=\"Cadre de v\u00e9g\u00e9taux stabilis\u00e9s. Enti\u00e8rement fait main. Joli cadre compos\u00e9 avec de mousse stabilis\u00e9e et lichen, de bois flott\u00e9 et pigne de pin. Id\u00e9al en d\u00e9coration int\u00e9rieur SANS ENTRETIEN\" \/>\n<meta property=\"og:url\" content=\"https:\/\/lunedesfleurs.fr\/index.php\/produit\/cybele\/\" \/>\n<meta property=\"og:site_name\" content=\"Lune des Fleurs\" \/>\n<meta property=\"article:publisher\" content=\"https:\/\/www.facebook.com\/lunedesfleurs.fr\" \/>\n<meta property=\"article:modified_time\" content=\"2025-07-31T11:29:16+00:00\" \/>\n<meta property=\"og:image\" content=\"https:\/\/lunedesfleurs.fr\/wp-content\/uploads\/2025\/01\/DSC05935-scaled.jpg\" \/>\n\t<meta property=\"og:image:width\" content=\"2560\" \/>\n\t<meta property=\"og:image:height\" content=\"1707\" \/>\n\t<meta property=\"og:image:type\" content=\"image\/jpeg\" \/>\n<meta name=\"twitter:card\" content=\"summary_large_image\" \/>\n<script type=\"application\/ld+json\" class=\"yoast-schema-graph\">{\"@context\":\"https:\/\/schema.org\",\"@graph\":[{\"@type\":\"WebPage\",\"@id\":\"https:\/\/lunedesfleurs.fr\/index.php\/produit\/cybele\/\",\"url\":\"https:\/\/lunedesfleurs.fr\/index.php\/produit\/cybele\/\",\"name\":\"Cyb\u00e8le - Lune des Fleurs\",\"isPartOf\":{\"@id\":\"https:\/\/lunedesfleurs.fr\/#website\"},\"primaryImageOfPage\":{\"@id\":\"https:\/\/lunedesfleurs.fr\/index.php\/produit\/cybele\/#primaryimage\"},\"image\":{\"@id\":\"https:\/\/lunedesfleurs.fr\/index.php\/produit\/cybele\/#primaryimage\"},\"thumbnailUrl\":\"https:\/\/lunedesfleurs.fr\/wp-content\/uploads\/2025\/01\/DSC05935-scaled.jpg\",\"datePublished\":\"2025-01-13T14:24:46+00:00\",\"dateModified\":\"2025-07-31T11:29:16+00:00\",\"breadcrumb\":{\"@id\":\"https:\/\/lunedesfleurs.fr\/index.php\/produit\/cybele\/#breadcrumb\"},\"inLanguage\":\"fr-FR\",\"potentialAction\":[{\"@type\":\"ReadAction\",\"target\":[\"https:\/\/lunedesfleurs.fr\/index.php\/produit\/cybele\/\"]}]},{\"@type\":\"ImageObject\",\"inLanguage\":\"fr-FR\",\"@id\":\"https:\/\/lunedesfleurs.fr\/index.php\/produit\/cybele\/#primaryimage\",\"url\":\"https:\/\/lunedesfleurs.fr\/wp-content\/uploads\/2025\/01\/DSC05935-scaled.jpg\",\"contentUrl\":\"https:\/\/lunedesfleurs.fr\/wp-content\/uploads\/2025\/01\/DSC05935-scaled.jpg\",\"width\":2560,\"height\":1707},{\"@type\":\"BreadcrumbList\",\"@id\":\"https:\/\/lunedesfleurs.fr\/index.php\/produit\/cybele\/#breadcrumb\",\"itemListElement\":[{\"@type\":\"ListItem\",\"position\":1,\"name\":\"Accueil\",\"item\":\"https:\/\/lunedesfleurs.fr\/\"},{\"@type\":\"ListItem\",\"position\":2,\"name\":\"Boutique\",\"item\":\"https:\/\/lunedesfleurs.fr\/index.php\/boutique\/\"},{\"@type\":\"ListItem\",\"position\":3,\"name\":\"Cyb\u00e8le\"}]},{\"@type\":\"WebSite\",\"@id\":\"https:\/\/lunedesfleurs.fr\/#website\",\"url\":\"https:\/\/lunedesfleurs.fr\/\",\"name\":\"Lune des Fleurs\",\"description\":\"Cr\u00e9ations fran\u00e7aises - Fait main avec C\u0153ur, Intention et un soup\u00e7on de Magie\",\"publisher\":{\"@id\":\"https:\/\/lunedesfleurs.fr\/#organization\"},\"potentialAction\":[{\"@type\":\"SearchAction\",\"target\":{\"@type\":\"EntryPoint\",\"urlTemplate\":\"https:\/\/lunedesfleurs.fr\/?s={search_term_string}\"},\"query-input\":{\"@type\":\"PropertyValueSpecification\",\"valueRequired\":true,\"valueName\":\"search_term_string\"}}],\"inLanguage\":\"fr-FR\"},{\"@type\":\"Organization\",\"@id\":\"https:\/\/lunedesfleurs.fr\/#organization\",\"name\":\"Lune des Fleurs\",\"url\":\"https:\/\/lunedesfleurs.fr\/\",\"logo\":{\"@type\":\"ImageObject\",\"inLanguage\":\"fr-FR\",\"@id\":\"https:\/\/lunedesfleurs.fr\/#\/schema\/logo\/image\/\",\"url\":\"https:\/\/lunedesfleurs.fr\/wp-content\/uploads\/2025\/11\/LDF_LOGO_HORIZ_RVB_BN_F_TRANS-scaled.png\",\"contentUrl\":\"https:\/\/lunedesfleurs.fr\/wp-content\/uploads\/2025\/11\/LDF_LOGO_HORIZ_RVB_BN_F_TRANS-scaled.png\",\"width\":2560,\"height\":1281,\"caption\":\"Lune des Fleurs\"},\"image\":{\"@id\":\"https:\/\/lunedesfleurs.fr\/#\/schema\/logo\/image\/\"},\"sameAs\":[\"https:\/\/www.facebook.com\/lunedesfleurs.fr\",\"https:\/\/www.instagram.com\/lunedesfleurs.fr\/\"]}]}<\/script>\n<!-- \/ Yoast SEO plugin. -->","yoast_head_json":{"title":"Cyb\u00e8le - Lune des Fleurs","robots":{"index":"index","follow":"follow","max-snippet":"max-snippet:-1","max-image-preview":"max-image-preview:large","max-video-preview":"max-video-preview:-1"},"canonical":"https:\/\/lunedesfleurs.fr\/index.php\/produit\/cybele\/","og_locale":"fr_FR","og_type":"article","og_title":"Cyb\u00e8le - Lune des Fleurs","og_description":"Cadre de v\u00e9g\u00e9taux stabilis\u00e9s. Enti\u00e8rement fait main. Joli cadre compos\u00e9 avec de mousse stabilis\u00e9e et lichen, de bois flott\u00e9 et pigne de pin. Id\u00e9al en d\u00e9coration int\u00e9rieur SANS ENTRETIEN","og_url":"https:\/\/lunedesfleurs.fr\/index.php\/produit\/cybele\/","og_site_name":"Lune des Fleurs","article_publisher":"https:\/\/www.facebook.com\/lunedesfleurs.fr","article_modified_time":"2025-07-31T11:29:16+00:00","og_image":[{"width":2560,"height":1707,"url":"https:\/\/lunedesfleurs.fr\/wp-content\/uploads\/2025\/01\/DSC05935-scaled.jpg","type":"image\/jpeg"}],"twitter_card":"summary_large_image","schema":{"@context":"https:\/\/schema.org","@graph":[{"@type":"WebPage","@id":"https:\/\/lunedesfleurs.fr\/index.php\/produit\/cybele\/","url":"https:\/\/lunedesfleurs.fr\/index.php\/produit\/cybele\/","name":"Cyb\u00e8le - Lune des Fleurs","isPartOf":{"@id":"https:\/\/lunedesfleurs.fr\/#website"},"primaryImageOfPage":{"@id":"https:\/\/lunedesfleurs.fr\/index.php\/produit\/cybele\/#primaryimage"},"image":{"@id":"https:\/\/lunedesfleurs.fr\/index.php\/produit\/cybele\/#primaryimage"},"thumbnailUrl":"https:\/\/lunedesfleurs.fr\/wp-content\/uploads\/2025\/01\/DSC05935-scaled.jpg","datePublished":"2025-01-13T14:24:46+00:00","dateModified":"2025-07-31T11:29:16+00:00","breadcrumb":{"@id":"https:\/\/lunedesfleurs.fr\/index.php\/produit\/cybele\/#breadcrumb"},"inLanguage":"fr-FR","potentialAction":[{"@type":"ReadAction","target":["https:\/\/lunedesfleurs.fr\/index.php\/produit\/cybele\/"]}]},{"@type":"ImageObject","inLanguage":"fr-FR","@id":"https:\/\/lunedesfleurs.fr\/index.php\/produit\/cybele\/#primaryimage","url":"https:\/\/lunedesfleurs.fr\/wp-content\/uploads\/2025\/01\/DSC05935-scaled.jpg","contentUrl":"https:\/\/lunedesfleurs.fr\/wp-content\/uploads\/2025\/01\/DSC05935-scaled.jpg","width":2560,"height":1707},{"@type":"BreadcrumbList","@id":"https:\/\/lunedesfleurs.fr\/index.php\/produit\/cybele\/#breadcrumb","itemListElement":[{"@type":"ListItem","position":1,"name":"Accueil","item":"https:\/\/lunedesfleurs.fr\/"},{"@type":"ListItem","position":2,"name":"Boutique","item":"https:\/\/lunedesfleurs.fr\/index.php\/boutique\/"},{"@type":"ListItem","position":3,"name":"Cyb\u00e8le"}]},{"@type":"WebSite","@id":"https:\/\/lunedesfleurs.fr\/#website","url":"https:\/\/lunedesfleurs.fr\/","name":"Lune des Fleurs","description":"Cr\u00e9ations fran\u00e7aises - Fait main avec C\u0153ur, Intention et un soup\u00e7on de Magie","publisher":{"@id":"https:\/\/lunedesfleurs.fr\/#organization"},"potentialAction":[{"@type":"SearchAction","target":{"@type":"EntryPoint","urlTemplate":"https:\/\/lunedesfleurs.fr\/?s={search_term_string}"},"query-input":{"@type":"PropertyValueSpecification","valueRequired":true,"valueName":"search_term_string"}}],"inLanguage":"fr-FR"},{"@type":"Organization","@id":"https:\/\/lunedesfleurs.fr\/#organization","name":"Lune des Fleurs","url":"https:\/\/lunedesfleurs.fr\/","logo":{"@type":"ImageObject","inLanguage":"fr-FR","@id":"https:\/\/lunedesfleurs.fr\/#\/schema\/logo\/image\/","url":"https:\/\/lunedesfleurs.fr\/wp-content\/uploads\/2025\/11\/LDF_LOGO_HORIZ_RVB_BN_F_TRANS-scaled.png","contentUrl":"https:\/\/lunedesfleurs.fr\/wp-content\/uploads\/2025\/11\/LDF_LOGO_HORIZ_RVB_BN_F_TRANS-scaled.png","width":2560,"height":1281,"caption":"Lune des Fleurs"},"image":{"@id":"https:\/\/lunedesfleurs.fr\/#\/schema\/logo\/image\/"},"sameAs":["https:\/\/www.facebook.com\/lunedesfleurs.fr","https:\/\/www.instagram.com\/lunedesfleurs.fr\/"]}]}},"jetpack_sharing_enabled":true,"_links":{"self":[{"href":"https:\/\/lunedesfleurs.fr\/index.php\/wp-json\/wp\/v2\/product\/991","targetHints":{"allow":["GET"]}}],"collection":[{"href":"https:\/\/lunedesfleurs.fr\/index.php\/wp-json\/wp\/v2\/product"}],"about":[{"href":"https:\/\/lunedesfleurs.fr\/index.php\/wp-json\/wp\/v2\/types\/product"}],"replies":[{"embeddable":true,"href":"https:\/\/lunedesfleurs.fr\/index.php\/wp-json\/wp\/v2\/comments?post=991"}],"wp:featuredmedia":[{"embeddable":true,"href":"https:\/\/lunedesfleurs.fr\/index.php\/wp-json\/wp\/v2\/media\/1116"}],"wp:attachment":[{"href":"https:\/\/lunedesfleurs.fr\/index.php\/wp-json\/wp\/v2\/media?parent=991"}],"wp:term":[{"taxonomy":"product_brand","embeddable":true,"href":"https:\/\/lunedesfleurs.fr\/index.php\/wp-json\/wp\/v2\/product_brand?post=991"},{"taxonomy":"product_cat","embeddable":true,"href":"https:\/\/lunedesfleurs.fr\/index.php\/wp-json\/wp\/v2\/product_cat?post=991"},{"taxonomy":"product_tag","embeddable":true,"href":"https:\/\/lunedesfleurs.fr\/index.php\/wp-json\/wp\/v2\/product_tag?post=991"}],"curies":[{"name":"wp","href":"https:\/\/api.w.org\/{rel}","templated":true}]}}